{"id":9903,"date":"2023-12-29T10:53:37","date_gmt":"2023-12-29T10:53:37","guid":{"rendered":"https:\/\/gyes.com.tr\/gizlilik-politikasi\/"},"modified":"2025-07-03T14:19:54","modified_gmt":"2025-07-03T14:19:54","slug":"gizlilik-politikasi","status":"publish","type":"page","link":"https:\/\/gyes.com.tr\/tr\/gizlilik-politikasi\/","title":{"rendered":"Gizlilik Politikas\u0131"},"content":{"rendered":"\n<p>Bu politika (&#8220;Politika&#8221;), ki\u015fisel verilerinizin korunmas\u0131 hakk\u0131nda sizi bilgilendirmek amac\u0131yla GYES SAVUNMA SANAY\u0130 L\u0130M\u0130TED \u015e\u0130RKET\u0130 (&#8220;GYES&#8221; veya &#8220;\u015eirket&#8221;) taraf\u0131ndan haz\u0131rlanm\u0131\u015ft\u0131r. Bu ba\u011flamda, 6698 say\u0131l\u0131 Ki\u015fisel Verilerin Korunmas\u0131 Kanunu (&#8220;KVKK&#8221;) uyar\u0131nca &#8220;veri sorumlusu&#8221; olarak ki\u015fisel verileriniz ve i\u015fleme s\u00fcre\u00e7leri hakk\u0131nda sizi bilgilendirmek istiyoruz. <\/p>\n\n<p>Bu Politika ile &#8220;\u015eirket faaliyetlerinin \u015feffaf bir \u015fekilde y\u00fcr\u00fct\u00fclmesi&#8221; ilkesinin s\u00fcrd\u00fcr\u00fclebilirli\u011fi hedeflenmektedir. Bu kapsamda, \u015eirket&#8217;in veri i\u015fleme faaliyetlerine ili\u015fkin 6698 say\u0131l\u0131 Ki\u015fisel Verilerin Korunmas\u0131 Kanunu&#8217;nda (&#8220;KVKK&#8221;) yer alan d\u00fczenlemelere uyum konusunda \u015eirket taraf\u0131ndan benimsenen temel ilkeler belirlenmekte ve \u015eirket taraf\u0131ndan y\u00fcr\u00fct\u00fclen uygulamalar a\u00e7\u0131klanmaktad\u0131r. <\/p>\n\n<p>Politika, www.gyes.com.tr web sitesinin \u00fcyelerine\/ziyaret\u00e7ilerine, GYES m\u00fc\u015fterilerine ve tedarik\u00e7ilerine y\u00f6neliktir.<\/p>\n\n<p>Politika, \u015firketin internet sitesinde kamuya a\u00e7\u0131k olarak yay\u0131nlanm\u0131\u015ft\u0131r. Bu Politikada yer alan d\u00fczenlemeler ile y\u00fcr\u00fcrl\u00fckteki mevzuat aras\u0131nda herhangi bir tutars\u0131zl\u0131k olmas\u0131 halinde, \u00f6ncelikle Kanun ge\u00e7erli olacakt\u0131r. \u015eirket, yasal d\u00fczenlemelere paralel olarak Politikay\u0131 de\u011fi\u015ftirme hakk\u0131n\u0131 sakl\u0131 tutar.  <\/p>\n\n<h4 class=\"wp-block-heading\">TANIMLAR<\/h4>\n\n<p><b>\u015eirket:<\/b> GYES SAVUNMA SANAY\u0130 L\u0130M\u0130TED \u015e\u0130RKET\u0130<\/p>\n\n<p><b>Ki\u015fisel Veri\/Veriler:<\/b> Kimli\u011fi belirli veya belirlenebilir ger\u00e7ek ki\u015fiye ili\u015fkin her t\u00fcrl\u00fc bilgi.<\/p>\n\n<p><b>Hassas Ki\u015fisel Veriler:<\/b> Ki\u015filerin \u0131rk\u0131, etnik k\u00f6keni, siyasi d\u00fc\u015f\u00fcncesi, felsefi inanc\u0131, dini, mezhebi veya di\u011fer inan\u00e7lar\u0131, k\u0131l\u0131k ve k\u0131yafeti, dernek, vak\u0131f ya da sendika \u00fcyeli\u011fi, sa\u011fl\u0131\u011f\u0131, cinsel hayat\u0131, ceza mahk\u00fbmiyeti ve g\u00fcvenlik tedbirleriyle ilgili verileri ile biyometrik ve genetik verileri.<\/p>\n\n<p><b>Ki\u015fisel Verilerin \u0130\u015flenmesi:<\/b> Verilerinizin tamamen veya k\u0131smen otomatik olan ya da herhangi bir veri kay\u0131t sisteminin par\u00e7as\u0131 olarak otomatik olmayan yollarla toplanmas\u0131, kaydedilmesi, depolanmas\u0131, saklanmas\u0131, de\u011fi\u015ftirilmesi, yeniden d\u00fczenlenmesi, a\u00e7\u0131klanmas\u0131, aktar\u0131lmas\u0131, devral\u0131nmas\u0131, kullan\u0131ma sunulmas\u0131, s\u0131n\u0131fland\u0131r\u0131lmas\u0131 ya da kullan\u0131lmas\u0131n\u0131n engellenmesi dahil ancak bunlarla s\u0131n\u0131rl\u0131 olmamak \u00fczere veriler \u00fczerinde ger\u00e7ekle\u015ftirilen her t\u00fcrl\u00fc i\u015flem.<\/p>\n\n<p><b>Veri Sahibi\/\u0130lgili Ki\u015fi:<\/b> \u015eirket taraf\u0131ndan ki\u015fisel verileri i\u015flenen ger\u00e7ek ki\u015fileri, \u015eirket\u2019in \u0130\u015f Ortaklar\u0131n\u0131, \u015eirket Yetkililerini, internet sitesi ziyaret\u00e7ilerini, \u015eirket M\u00fc\u015fterilerini, Potansiyel M\u00fc\u015fterileri, \u00dc\u00e7\u00fcnc\u00fc Ki\u015fileri ve \u015eirket taraf\u0131ndan ki\u015fisel verileri i\u015flenen ger\u00e7ek ki\u015fileri ifade eder.<\/p>\n\n<p><b>Veri Kay\u0131t Sistemi:<\/b> Ki\u015fisel verilerin belirli kriterlere g\u00f6re i\u015flendi\u011fi kay\u0131t sistemini ifade eder.<\/p>\n\n<p><b>Veri Denetleyicisi:<\/b> Ki\u015fisel verilerin i\u015flenme ama\u00e7lar\u0131n\u0131 ve vas\u0131talar\u0131n\u0131 belirleyen, veri kay\u0131t sisteminin kurulmas\u0131ndan ve y\u00f6netilmesinden sorumlu olan ger\u00e7ek veya t\u00fczel ki\u015fi.<\/p>\n\n<p><b>Veri \u0130\u015flemcisi:<\/b> Veri sorumlusunun verdi\u011fi yetkiye dayanarak onun ad\u0131na ki\u015fisel verileri i\u015fleyen ger\u00e7ek veya t\u00fczel ki\u015fi.<\/p>\n\n<p><b>A\u00e7\u0131k R\u0131za:<\/b> Bilgilendirilmi\u015f r\u0131zaya ve \u00f6zg\u00fcr iradeye dayanan r\u0131za.<\/p>\n\n<p><b>Veri \u0130mhas\u0131:<\/b> Ki\u015fisel verilerin, bir daha kurtar\u0131lamayacak bi\u00e7imde veri kay\u0131t sisteminden \u00e7\u0131kar\u0131lmas\u0131, silinmesi veya yok edilmesi.<\/p>\n\n<p><b>Anonimle\u015ftirme:<\/b> Daha \u00f6nce bir bireyle ili\u015fkilendirilmi\u015f olan verilerin, hi\u00e7bir \u015fekilde kimli\u011fi belirlenebilir bir ger\u00e7ek ki\u015fiyle ili\u015fkilendirilemeyecek veya tan\u0131mlanamayacak \u015fekilde i\u015flenmesi.<\/p>\n\n<p><b>Kanun:<\/b> 6698 say\u0131l\u0131 Ki\u015fisel Verilerin Korunmas\u0131 Kanunu\u2019nu ifade eder.<\/p>\n\n<p><b>KVKK Kurulu:<\/b> Ki\u015fisel Verileri Koruma Kurulu.<\/p>\n\n<h4 class=\"wp-block-heading\">\u0130LG\u0130L\u0130 K\u0130\u015e\u0130 KATEGOR\u0130LER\u0130<\/h4>\n\n<figure class=\"wp-block-table\"><table><thead><tr><th>\u0130lgili Ki\u015fi Kategorisi<\/th><th>A\u00e7\u0131klama<\/th><\/tr><\/thead><tbody><tr><td>1. M\u00fc\u015fteri (Mevcut Ticari \u0130li\u015fkiler \u0130\u00e7in)<\/td><td>\u015eirket ile ticari-hukuki-s\u00f6zle\u015fmesel ili\u015fki i\u00e7erisinde bulunan t\u00fczel veya ger\u00e7ek ki\u015fi al\u0131c\u0131 ve sat\u0131c\u0131lar\u0131 ifade eder.<\/td><\/tr><tr><td>2. Potansiyel M\u00fc\u015fteri<\/td><td>\u015eirket taraf\u0131ndan sunulan \u00fcr\u00fcn veya hizmetleri kullanmaya ilgi g\u00f6steren, internet sitesi veya di\u011fer kanallar arac\u0131l\u0131\u011f\u0131yla m\u00fc\u015fteri olma potansiyelini g\u00f6steren ve fiyat teklifi isteyen ger\u00e7ek veya t\u00fczel ki\u015fileri ifade eder.<\/td><\/tr><tr><td>3. Ziyaret\u00e7i<\/td><td>\u015eirketin internet sitesini ziyaret eden ki\u015fileri ifade eder.<\/td><\/tr><tr><td>4. \u0130\u015f Ortaklar\u0131\/Tedarik\u00e7iler ve \u00e7al\u0131\u015fanlar\u0131<\/td><td>\u015e\u0130RKET&#8217;in ticari faaliyetlerini y\u00fcr\u00fctmek amac\u0131yla i\u015f ortakl\u0131\u011f\u0131 kurdu\u011fu taraflar\u0131 veya bu kapsamda, \u015eirket&#8217;in talimatlar\u0131na ve s\u00f6zle\u015fmesel ili\u015fkilere uygun olarak \u015e\u0130RKET&#8217;e mal veya hizmet sa\u011flayan taraflar\u0131 ve bunlar\u0131n \u00e7al\u0131\u015fanlar\u0131n\u0131 ifade eder.<\/td><\/tr><tr><td>5. \u015eirket Orta\u011f\u0131\/Pay Sahibi<\/td><td>\u015eirketin orta\u011f\u0131 veya hissedar\u0131 olan ger\u00e7ek ki\u015fileri ifade eder.<\/td><\/tr><tr><td>6. Ger\u00e7ek Ki\u015fi \u0130\u015f Orta\u011f\u0131<\/td><td>\u015eirketin herhangi bir \u015fekilde ticari ili\u015fki i\u00e7erisinde bulundu\u011fu ger\u00e7ek ki\u015fileri ifade eder.<\/td><\/tr><\/tbody><\/table><\/figure>\n\n<h4 class=\"wp-block-heading\">\u0130\u015eLENEN K\u0130\u015e\u0130SEL VER\u0130LER<\/h4>\n\n<p>\u015e\u0130RKET ile ticari ve\/veya s\u00f6zle\u015fmesel ili\u015fkinize ba\u011fl\u0131 olarak a\u015fa\u011f\u0131daki veri kategorilerini i\u015fliyoruz:<\/p>\n\n<ul class=\"wp-block-list\">\n<li>a. Kimlik Bilgileri: Bu veri kategorisine Ad-Soyad, TC Kimlik No gibi bilgiler d\u00e2hildir. <\/li>\n\n\n\n<li>b. \u0130leti\u015fim Bilgileri: Bu veri kategorisi Adres, telefon numaras\u0131, e-posta adresini i\u00e7erir. <\/li>\n\n\n\n<li>c. S\u00f6zle\u015fme Bilgileri: Bu veri kategorisi, \u015firketin hukuki veya ticari ili\u015fkileri, i\u015f ortaklar\u0131, tedarik\u00e7iler ve d\u0131\u015f kaynaklarla kurdu\u011fu s\u00f6zle\u015fmesel ili\u015fki sonucu veritaban\u0131nda i\u015flenen imzalar, imza sirk\u00fcleri, vergi numaralar\u0131, ger\u00e7ek ki\u015fi \u015firket bilgilerini i\u00e7erir. <\/li>\n\n\n\n<li>d. Finansal Bilgiler: Bu veri kategorisi, \u015eirket ile Ki\u015fisel Veri Sahibi \u0130lgili Ki\u015fi aras\u0131nda kurulan hukuki ili\u015fkinin t\u00fcr\u00fcne ba\u011fl\u0131 olarak ortaya \u00e7\u0131kan her t\u00fcrl\u00fc finansal sonucu g\u00f6steren her t\u00fcrl\u00fc bilgi, belge ve kay\u0131t ile banka hesap numaras\u0131, makbuz, \u00f6deme bilgileri, \u00fccret, IBAN numaras\u0131 gibi i\u015flenmi\u015f ki\u015fisel verileri kapsamaktad\u0131r. <\/li>\n\n\n\n<li>e. Pazarlama Bilgileri: Bu veri kategorisi, Ki\u015fisel Veri Sahibi \u0130lgili Ki\u015fiye ili\u015fkin olarak olu\u015fturulan \u00fcr\u00fcn adedi, miktar\u0131, sat\u0131\u015f oranlar\u0131, stok durumu ve raporlara ili\u015fkin t\u00fcm verileri i\u00e7ermektedir. <\/li>\n\n\n\n<li>f. G\u00f6rsel ve \u0130\u015fitsel Veriler: Bu veri kategorisi, \u015eirket\u2019in internet sitesini kullan\u0131m\u0131, \u015eirket\u2019e yap\u0131lan ziyaretler veya \u015eirket taraf\u0131ndan organize edilen etkinlikler esnas\u0131nda Ki\u015fisel Veri Sahibi \u0130lgili Ki\u015fisine ait toplanabilecek her t\u00fcrl\u00fc g\u00f6r\u00fcnt\u00fc ve video verilerini ve ses verilerini i\u00e7ermektedir. <\/li>\n<\/ul>\n\n<h4 class=\"wp-block-heading\">TOPLAMA Y\u00d6NTEMLER\u0130 VE HUKUK\u0130 NEDENLER<\/h4>\n\n<p>Ki\u015fisel veriler, Kanun h\u00fck\u00fcmlerine uygun olarak ve hukukun temel ilkelerine uygun olarak a\u015fa\u011f\u0131da belirtilen y\u00f6ntemlerle toplanmaktad\u0131r.<\/p>\n\n<ul class=\"wp-block-list\">\n<li>Veri Sahibinin A\u00e7\u0131k R\u0131zas\u0131: Ki\u015fisel verileriniz a\u00e7\u0131k r\u0131zan\u0131za dayanarak i\u015flenebilecektir. Bu durumda a\u00e7\u0131k r\u0131za talep formu taraf\u0131n\u0131za sunulacak ve ilgili bilgiler taraf\u0131n\u0131za iletildikten sonra a\u00e7\u0131k r\u0131zan\u0131z\u0131 beyan etmeniz istenecektir. <\/li>\n\n\n\n<li>Hukuki Sebep: Ki\u015fisel verileriniz, bir s\u00f6zle\u015fmenin kurulmas\u0131 veya ifas\u0131yla do\u011frudan do\u011fruya ilgili olmas\u0131 kayd\u0131yla, s\u00f6zle\u015fmenin ifas\u0131yla do\u011frudan do\u011fruya ilgili olmas\u0131 kayd\u0131yla, s\u00f6zle\u015fmenin ifa edilebilmesi i\u00e7in ki\u015fisel veri i\u015flenmesinin zorunlu olmas\u0131, veri sorumlusunun hukuki y\u00fck\u00fcml\u00fcl\u00fc\u011f\u00fcn\u00fc yerine getirebilmesi i\u00e7in zorunlu olmas\u0131, bir hakk\u0131n tesisi, kullan\u0131lmas\u0131 veya korunmas\u0131 i\u00e7in veri i\u015flenmesinin zorunlu olmas\u0131, veri sahibinin temel hak ve \u00f6zg\u00fcrl\u00fcklerine zarar vermemek kayd\u0131yla, veri sorumlusunun me\u015fru menfaatleri i\u00e7in veri i\u015flenmesinin zorunlu olmas\u0131 kayd\u0131yla a\u00e7\u0131k r\u0131zan\u0131z aranmaks\u0131z\u0131n da i\u015flenebilecektir.<\/li>\n<\/ul>\n\n<h4 class=\"wp-block-heading\">K\u0130\u015e\u0130SEL VER\u0130LER\u0130N \u0130\u015eLENME AMA\u00c7LARI<\/h4>\n\n<p>\u015eirketimiz taraf\u0131ndan ki\u015fisel verilerinizin i\u015flenme ama\u00e7lar\u0131 a\u015fa\u011f\u0131daki gibidir:<\/p>\n\n<ul class=\"wp-block-list\">\n<li>\u015eirketin hukuki ve ticari g\u00fcvenli\u011finin sa\u011flanmas\u0131,<\/li>\n\n\n\n<li>Ticari ve hukuki ili\u015fkilerin kurulmas\u0131 ve y\u00f6netimi,<\/li>\n\n\n\n<li>\u015eirketin ve ilgili web sitesinin teknik g\u00fcvenli\u011finin sa\u011flanmas\u0131,<\/li>\n\n\n\n<li>Talep ve \u015fikayetlerin takibi,<\/li>\n\n\n\n<li>\u015eirket faaliyetlerinin g\u00fcvenli\u011finin sa\u011flanmas\u0131,<\/li>\n\n\n\n<li>\u0130\u015f s\u00fcre\u00e7lerinin y\u00fcr\u00fct\u00fclmesini ve takibini sa\u011flamak,<\/li>\n\n\n\n<li>Yasal y\u00fck\u00fcml\u00fcl\u00fcklerin yerine getirilmesi amac\u0131yla faaliyetlerin y\u00fcr\u00fct\u00fclmesi,<\/li>\n\n\n\n<li>M\u00fc\u015fteri ili\u015fkileri y\u00f6netimi s\u00fcre\u00e7lerinin y\u00fcr\u00fct\u00fclmesi,<\/li>\n\n\n\n<li>Pazarlama ve sat\u0131\u015f operasyonlar\u0131n\u0131n y\u00fcr\u00fct\u00fclmesi,<\/li>\n\n\n\n<li>Tedarik ve tedarik zinciri s\u00fcre\u00e7lerinin y\u00fcr\u00fct\u00fclmesi,<\/li>\n\n\n\n<li>Kurumsal ileti\u015fim faaliyetlerinin y\u00fcr\u00fct\u00fclmesi,<\/li>\n\n\n\n<li>Raporlama faaliyetlerinin y\u00fcr\u00fct\u00fclmesi,<\/li>\n\n\n\n<li>B\u00fct\u00e7e ve mali i\u015flerin y\u00fcr\u00fct\u00fclmesi,<\/li>\n\n\n\n<li>Hukuki i\u015flerin takibini yapmak,<\/li>\n\n\n\n<li>Lojistik faaliyetlerinin y\u00fcr\u00fct\u00fclmesi.<\/li>\n<\/ul>\n\n<h4 class=\"wp-block-heading\">K\u0130\u015e\u0130SEL VER\u0130LER\u0130N AKTARILMASI<\/h4>\n\n<p>Ki\u015fisel verileriniz, Kanun\u2019un 8. ve 9. maddelerinde belirtilen ama\u00e7lar do\u011frultusunda, \u015eirketin yurt i\u00e7i ve yurt d\u0131\u015f\u0131 i\u015f ortaklar\u0131na, tedarik\u00e7ilerine, kanunen yetkili kamu kurumlar\u0131na ve \u00f6zel hukuk t\u00fczel ki\u015filerine, Kanun\u2019un 8. ve 9. maddelerinde belirtilen \u015fartlar ve ama\u00e7lar \u00e7er\u00e7evesinde ve Kanun\u2019un 4. ve 5. maddelerinde belirtilen esaslara uygun olarak aktar\u0131labilecektir.<\/p>\n\n<h4 class=\"wp-block-heading\">VER\u0130 G\u00dcVENL\u0130\u011e\u0130<\/h4>\n\n<p>\u015eirketimiz, ki\u015fisel verilerin korunmas\u0131 ve bu verilere yetkisiz eri\u015fimi \u00f6nlemek, uygun g\u00fcvenlik d\u00fczeyini sa\u011flamak, ki\u015fisel verilerin hukuka ayk\u0131r\u0131 olarak i\u015flenmesini \u00f6nlemek ve veri korumas\u0131n\u0131 sa\u011flamak i\u00e7in gerekli idari ve teknik tedbirleri almaktad\u0131r. \u015eirketimiz, ki\u015fisel verilere hukuka ayk\u0131r\u0131 olarak eri\u015filmesini \u00f6nlemek, ki\u015fisel verilerin kaybolmas\u0131n\u0131 \u00f6nlemek, ki\u015fisel verilerin muhafazas\u0131n\u0131 sa\u011flamak, ki\u015fisel verilerin gizlili\u011fini ve b\u00fct\u00fcnl\u00fc\u011f\u00fcn\u00fc sa\u011flamak gibi ki\u015fisel verilerin i\u015flenmesinden kaynaklanan risklere kar\u015f\u0131 gerekli tedbirleri almaktad\u0131r. <\/p>\n\n<h4 class=\"wp-block-heading\">K\u0130\u015e\u0130SEL VER\u0130LER\u0130N SAKLANMA S\u00dcRES\u0130<\/h4>\n\n<p>\u015eirketimiz taraf\u0131ndan i\u015flenen ki\u015fisel verileriniz, ilgili mevzuatta \u00f6ng\u00f6r\u00fclen veya i\u015fleme amac\u0131n\u0131n gerektirdi\u011fi s\u00fcre kadar saklanacakt\u0131r.<\/p>\n\n<h4 class=\"wp-block-heading\">\u0130LG\u0130L\u0130 K\u0130\u015e\u0130N\u0130N HAKLARI<\/h4>\n\n<p>Kanun\u2019un 11. maddesi uyar\u0131nca ilgili ki\u015filer, ki\u015fisel verilerine ili\u015fkin olarak a\u015fa\u011f\u0131daki haklara sahiptir:<\/p>\n\n<ul class=\"wp-block-list\">\n<li>Ki\u015fisel veri i\u015flenip i\u015flenmedi\u011fini \u00f6\u011frenin,<\/li>\n\n\n\n<li>Ki\u015fisel verileri i\u015flenmi\u015fse buna ili\u015fkin bilgi talep etme,<\/li>\n\n\n\n<li>Ki\u015fisel verilerin i\u015flenme amac\u0131n\u0131 ve bunlar\u0131n amac\u0131na uygun kullan\u0131l\u0131p kullan\u0131lmad\u0131\u011f\u0131n\u0131 \u00f6\u011frenin,<\/li>\n\n\n\n<li>Yurt i\u00e7inde veya yurt d\u0131\u015f\u0131nda ki\u015fisel verilerin aktar\u0131ld\u0131\u011f\u0131 \u00fc\u00e7\u00fcnc\u00fc ki\u015fileri bilme,<\/li>\n\n\n\n<li>Ki\u015fisel verilerin eksik veya yanl\u0131\u015f i\u015flenmi\u015f olmas\u0131 h\u00e2linde bunlar\u0131n d\u00fczeltilmesini isteme ve bu kapsamda yap\u0131lan i\u015flemin ki\u015fisel verilerin aktar\u0131ld\u0131\u011f\u0131 \u00fc\u00e7\u00fcnc\u00fc ki\u015filere bildirilmesini isteme,<\/li>\n\n\n\n<li>Kanun ve ilgili di\u011fer kanun h\u00fck\u00fcmlerine uygun olarak i\u015flenmi\u015f olmas\u0131na ra\u011fmen, i\u015flenmesini gerektiren sebeplerin ortadan kalkmas\u0131 h\u00e2linde ki\u015fisel verilerin silinmesini veya yok edilmesini isteme ve bu kapsamda yap\u0131lan i\u015flemin ki\u015fisel verilerin aktar\u0131ld\u0131\u011f\u0131 \u00fc\u00e7\u00fcnc\u00fc ki\u015filere bildirilmesini isteme,<\/li>\n\n\n\n<li>\u0130\u015flenen verilerin m\u00fcnhas\u0131ran otomatik sistemler vas\u0131tas\u0131yla analiz edilmesi suretiyle ki\u015finin kendisi aleyhine bir sonucun ortaya \u00e7\u0131kmas\u0131na itiraz etme,<\/li>\n\n\n\n<li>Ki\u015fisel verilerin kanuna ayk\u0131r\u0131 olarak i\u015flenmesi sebebiyle zarara u\u011framas\u0131 h\u00e2linde zarar\u0131n giderilmesini talep etme.<\/li>\n<\/ul>\n\n<h4 class=\"wp-block-heading\">\u0130LG\u0130L\u0130 K\u0130\u015e\u0130LER\u0130N \u0130LET\u0130\u015e\u0130M B\u0130LG\u0130LER\u0130<\/h4>\n\n<p>Kanun\u2019un 11. maddesi kapsam\u0131ndaki haklar\u0131n\u0131za ili\u015fkin soru ve talepleriniz ile Politika\u2019da belirtilen usuller uyar\u0131nca haklar\u0131n\u0131z\u0131 kullanmaya ili\u015fkin talepleriniz i\u00e7in bizimle ileti\u015fime ge\u00e7ebilirsiniz.<\/p>\n\n<h4 class=\"wp-block-heading\">\u0130LET\u0130\u015e\u0130M B\u0130LG\u0130LER\u0130<\/h4>\n\n<ul class=\"wp-block-list\">\n<li>GYES SAVUNMA SANAY\u0130 L\u0130M\u0130TED \u015e\u0130RKET\u0130<\/li>\n\n\n\n<li>Adres \u00c7ERKE\u015eL\u0130 MAH. UZUNTARLA SK. NO: 7 I\u0307\u00c7 KAPI NO: 1 DI\u0307LOVASI\/ KOCAELI\u0307<\/li>\n\n\n\n<li>Telefon numaras\u0131: +90 216 232 49 37<\/li>\n\n\n\n<li>Faks: +90 216 232 49 37<\/li>\n\n\n\n<li>E-posta: <a href=\"mailto:info@gyes.com.tr\">info@gyes.com.tr<\/a><\/li>\n<\/ul>\n","protected":false},"excerpt":{"rendered":"<p>Bu politika (&#8220;Politika&#8221;), ki\u015fisel verilerinizin korunmas\u0131 hakk\u0131nda sizi bilgilendirmek amac\u0131yla GYES SAVUNMA SANAY\u0130 L\u0130M\u0130TED \u015e\u0130RKET\u0130 (&#8220;GYES&#8221; veya &#8220;\u015eirket&#8221;) taraf\u0131ndan haz\u0131rlanm\u0131\u015ft\u0131r. Bu ba\u011flamda, 6698 say\u0131l\u0131 Ki\u015fisel Verilerin Korunmas\u0131 Kanunu (&#8220;KVKK&#8221;) uyar\u0131nca &#8220;veri sorumlusu&#8221; olarak ki\u015fisel verileriniz ve i\u015fleme s\u00fcre\u00e7leri hakk\u0131nda sizi bilgilendirmek istiyoruz. Bu Politika ile &#8220;\u015eirket faaliyetlerinin \u015feffaf bir \u015fekilde y\u00fcr\u00fct\u00fclmesi&#8221; ilkesinin s\u00fcrd\u00fcr\u00fclebilirli\u011fi hedeflenmektedir. Bu [&hellip;]<\/p>\n","protected":false},"author":1,"featured_media":0,"parent":0,"menu_order":0,"comment_status":"closed","ping_status":"open","template":"","meta":{"footnotes":""},"class_list":["post-9903","page","type-page","status-publish","hentry"],"yoast_head":"<!-- This site is optimized with the Yoast SEO plugin v27.5 - https:\/\/yoast.com\/product\/yoast-seo-wordpress\/ -->\n<title>Gizlilik Politikas\u0131 - GYES Savunma Sanayi<\/title>\n<meta name=\"description\" content=\"Gyes, Gyes arms, Gyes savunma, Lord of guns, Gyes lord of guns, Gyes savunma lord of guns\" \/>\n<meta name=\"robots\" content=\"index, follow, max-snippet:-1, max-image-preview:large, max-video-preview:-1\" \/>\n<link rel=\"canonical\" href=\"https:\/\/gyes.com.tr\/tr\/gizlilik-politikasi\/\" \/>\n<meta property=\"og:locale\" content=\"tr_TR\" \/>\n<meta property=\"og:type\" content=\"article\" \/>\n<meta property=\"og:title\" content=\"Gizlilik Politikas\u0131 - GYES Savunma Sanayi\" \/>\n<meta property=\"og:description\" content=\"Gyes, Gyes arms, Gyes savunma, Lord of guns, Gyes lord of guns, Gyes savunma lord of guns\" \/>\n<meta property=\"og:url\" content=\"https:\/\/gyes.com.tr\/tr\/gizlilik-politikasi\/\" \/>\n<meta property=\"og:site_name\" content=\"GYES Savunma Sanayi\" \/>\n<meta property=\"article:publisher\" content=\"https:\/\/www.facebook.com\/gyesarms\" \/>\n<meta property=\"article:modified_time\" content=\"2025-07-03T14:19:54+00:00\" \/>\n<meta property=\"og:image\" content=\"https:\/\/gyes.com.tr\/wp-content\/uploads\/Gyes_WebSequence_May2024_00200-2.webp\" \/>\n\t<meta property=\"og:image:width\" content=\"1500\" \/>\n\t<meta property=\"og:image:height\" content=\"1500\" \/>\n\t<meta property=\"og:image:type\" content=\"image\/webp\" \/>\n<meta name=\"twitter:card\" content=\"summary_large_image\" \/>\n<meta name=\"twitter:site\" content=\"@lordofguns\" \/>\n<meta name=\"twitter:label1\" content=\"Tahmini okuma s\u00fcresi\" \/>\n\t<meta name=\"twitter:data1\" content=\"9 dakika\" \/>\n<script type=\"application\/ld+json\" class=\"yoast-schema-graph\">{\"@context\":\"https:\\\/\\\/schema.org\",\"@graph\":[{\"@type\":\"WebPage\",\"@id\":\"https:\\\/\\\/gyes.com.tr\\\/tr\\\/gizlilik-politikasi\\\/\",\"url\":\"https:\\\/\\\/gyes.com.tr\\\/tr\\\/gizlilik-politikasi\\\/\",\"name\":\"Gizlilik Politikas\u0131 - GYES Savunma Sanayi\",\"isPartOf\":{\"@id\":\"https:\\\/\\\/gyes.com.tr\\\/tr\\\/#website\"},\"datePublished\":\"2023-12-29T10:53:37+00:00\",\"dateModified\":\"2025-07-03T14:19:54+00:00\",\"description\":\"Gyes, Gyes arms, Gyes savunma, Lord of guns, Gyes lord of guns, Gyes savunma lord of guns\",\"breadcrumb\":{\"@id\":\"https:\\\/\\\/gyes.com.tr\\\/tr\\\/gizlilik-politikasi\\\/#breadcrumb\"},\"inLanguage\":\"tr\",\"potentialAction\":[{\"@type\":\"ReadAction\",\"target\":[\"https:\\\/\\\/gyes.com.tr\\\/tr\\\/gizlilik-politikasi\\\/\"]}]},{\"@type\":\"BreadcrumbList\",\"@id\":\"https:\\\/\\\/gyes.com.tr\\\/tr\\\/gizlilik-politikasi\\\/#breadcrumb\",\"itemListElement\":[{\"@type\":\"ListItem\",\"position\":1,\"name\":\"Home\",\"item\":\"https:\\\/\\\/gyes.com.tr\\\/tr\\\/\"},{\"@type\":\"ListItem\",\"position\":2,\"name\":\"Gizlilik Politikas\u0131\"}]},{\"@type\":\"WebSite\",\"@id\":\"https:\\\/\\\/gyes.com.tr\\\/tr\\\/#website\",\"url\":\"https:\\\/\\\/gyes.com.tr\\\/tr\\\/\",\"name\":\"GYES - Lord of Guns\",\"description\":\"- Silahlar\u0131n Efendisi\",\"publisher\":{\"@id\":\"https:\\\/\\\/gyes.com.tr\\\/tr\\\/#organization\"},\"alternateName\":\"Lord of Guns | Defense Industries\",\"potentialAction\":[{\"@type\":\"SearchAction\",\"target\":{\"@type\":\"EntryPoint\",\"urlTemplate\":\"https:\\\/\\\/gyes.com.tr\\\/tr\\\/?s={search_term_string}\"},\"query-input\":{\"@type\":\"PropertyValueSpecification\",\"valueRequired\":true,\"valueName\":\"search_term_string\"}}],\"inLanguage\":\"tr\"},{\"@type\":\"Organization\",\"@id\":\"https:\\\/\\\/gyes.com.tr\\\/tr\\\/#organization\",\"name\":\"GYES - Lord of Guns\",\"alternateName\":\"Defense Industries - Lord of Guns\",\"url\":\"https:\\\/\\\/gyes.com.tr\\\/tr\\\/\",\"logo\":{\"@type\":\"ImageObject\",\"inLanguage\":\"tr\",\"@id\":\"https:\\\/\\\/gyes.com.tr\\\/tr\\\/#\\\/schema\\\/logo\\\/image\\\/\",\"url\":\"https:\\\/\\\/gyes.com.tr\\\/wp-content\\\/uploads\\\/Gyes_WebSequence_May2024_00200-2.webp\",\"contentUrl\":\"https:\\\/\\\/gyes.com.tr\\\/wp-content\\\/uploads\\\/Gyes_WebSequence_May2024_00200-2.webp\",\"width\":1500,\"height\":1500,\"caption\":\"GYES - Lord of Guns\"},\"image\":{\"@id\":\"https:\\\/\\\/gyes.com.tr\\\/tr\\\/#\\\/schema\\\/logo\\\/image\\\/\"},\"sameAs\":[\"https:\\\/\\\/www.facebook.com\\\/gyesarms\",\"https:\\\/\\\/x.com\\\/lordofguns\",\"https:\\\/\\\/www.instagram.com\\\/lordofguns\\\/\",\"https:\\\/\\\/www.linkedin.com\\\/company\\\/lordofguns\"]}]}<\/script>\n<!-- \/ Yoast SEO plugin. -->","yoast_head_json":{"title":"Gizlilik Politikas\u0131 - GYES Savunma Sanayi","description":"Gyes, Gyes arms, Gyes savunma, Lord of guns, Gyes lord of guns, Gyes savunma lord of guns","robots":{"index":"index","follow":"follow","max-snippet":"max-snippet:-1","max-image-preview":"max-image-preview:large","max-video-preview":"max-video-preview:-1"},"canonical":"https:\/\/gyes.com.tr\/tr\/gizlilik-politikasi\/","og_locale":"tr_TR","og_type":"article","og_title":"Gizlilik Politikas\u0131 - GYES Savunma Sanayi","og_description":"Gyes, Gyes arms, Gyes savunma, Lord of guns, Gyes lord of guns, Gyes savunma lord of guns","og_url":"https:\/\/gyes.com.tr\/tr\/gizlilik-politikasi\/","og_site_name":"GYES Savunma Sanayi","article_publisher":"https:\/\/www.facebook.com\/gyesarms","article_modified_time":"2025-07-03T14:19:54+00:00","og_image":[{"width":1500,"height":1500,"url":"https:\/\/gyes.com.tr\/wp-content\/uploads\/Gyes_WebSequence_May2024_00200-2.webp","type":"image\/webp"}],"twitter_card":"summary_large_image","twitter_site":"@lordofguns","twitter_misc":{"Tahmini okuma s\u00fcresi":"9 dakika"},"schema":{"@context":"https:\/\/schema.org","@graph":[{"@type":"WebPage","@id":"https:\/\/gyes.com.tr\/tr\/gizlilik-politikasi\/","url":"https:\/\/gyes.com.tr\/tr\/gizlilik-politikasi\/","name":"Gizlilik Politikas\u0131 - GYES Savunma Sanayi","isPartOf":{"@id":"https:\/\/gyes.com.tr\/tr\/#website"},"datePublished":"2023-12-29T10:53:37+00:00","dateModified":"2025-07-03T14:19:54+00:00","description":"Gyes, Gyes arms, Gyes savunma, Lord of guns, Gyes lord of guns, Gyes savunma lord of guns","breadcrumb":{"@id":"https:\/\/gyes.com.tr\/tr\/gizlilik-politikasi\/#breadcrumb"},"inLanguage":"tr","potentialAction":[{"@type":"ReadAction","target":["https:\/\/gyes.com.tr\/tr\/gizlilik-politikasi\/"]}]},{"@type":"BreadcrumbList","@id":"https:\/\/gyes.com.tr\/tr\/gizlilik-politikasi\/#breadcrumb","itemListElement":[{"@type":"ListItem","position":1,"name":"Home","item":"https:\/\/gyes.com.tr\/tr\/"},{"@type":"ListItem","position":2,"name":"Gizlilik Politikas\u0131"}]},{"@type":"WebSite","@id":"https:\/\/gyes.com.tr\/tr\/#website","url":"https:\/\/gyes.com.tr\/tr\/","name":"GYES - Lord of Guns","description":"- Silahlar\u0131n Efendisi","publisher":{"@id":"https:\/\/gyes.com.tr\/tr\/#organization"},"alternateName":"Lord of Guns | Defense Industries","potentialAction":[{"@type":"SearchAction","target":{"@type":"EntryPoint","urlTemplate":"https:\/\/gyes.com.tr\/tr\/?s={search_term_string}"},"query-input":{"@type":"PropertyValueSpecification","valueRequired":true,"valueName":"search_term_string"}}],"inLanguage":"tr"},{"@type":"Organization","@id":"https:\/\/gyes.com.tr\/tr\/#organization","name":"GYES - Lord of Guns","alternateName":"Defense Industries - Lord of Guns","url":"https:\/\/gyes.com.tr\/tr\/","logo":{"@type":"ImageObject","inLanguage":"tr","@id":"https:\/\/gyes.com.tr\/tr\/#\/schema\/logo\/image\/","url":"https:\/\/gyes.com.tr\/wp-content\/uploads\/Gyes_WebSequence_May2024_00200-2.webp","contentUrl":"https:\/\/gyes.com.tr\/wp-content\/uploads\/Gyes_WebSequence_May2024_00200-2.webp","width":1500,"height":1500,"caption":"GYES - Lord of Guns"},"image":{"@id":"https:\/\/gyes.com.tr\/tr\/#\/schema\/logo\/image\/"},"sameAs":["https:\/\/www.facebook.com\/gyesarms","https:\/\/x.com\/lordofguns","https:\/\/www.instagram.com\/lordofguns\/","https:\/\/www.linkedin.com\/company\/lordofguns"]}]}},"meta_box":[],"_links":{"self":[{"href":"https:\/\/gyes.com.tr\/tr\/wp-json\/wp\/v2\/pages\/9903","targetHints":{"allow":["GET"]}}],"collection":[{"href":"https:\/\/gyes.com.tr\/tr\/wp-json\/wp\/v2\/pages"}],"about":[{"href":"https:\/\/gyes.com.tr\/tr\/wp-json\/wp\/v2\/types\/page"}],"author":[{"embeddable":true,"href":"https:\/\/gyes.com.tr\/tr\/wp-json\/wp\/v2\/users\/1"}],"replies":[{"embeddable":true,"href":"https:\/\/gyes.com.tr\/tr\/wp-json\/wp\/v2\/comments?post=9903"}],"version-history":[{"count":2,"href":"https:\/\/gyes.com.tr\/tr\/wp-json\/wp\/v2\/pages\/9903\/revisions"}],"predecessor-version":[{"id":9926,"href":"https:\/\/gyes.com.tr\/tr\/wp-json\/wp\/v2\/pages\/9903\/revisions\/9926"}],"wp:attachment":[{"href":"https:\/\/gyes.com.tr\/tr\/wp-json\/wp\/v2\/media?parent=9903"}],"curies":[{"name":"wp","href":"https:\/\/api.w.org\/{rel}","templated":true}]}}